{"id":3872,"date":"2021-07-12T07:49:50","date_gmt":"2021-07-12T05:49:50","guid":{"rendered":"https:\/\/www.adendorf.de\/1\/?page_id=3872"},"modified":"2021-07-22T16:21:43","modified_gmt":"2021-07-22T14:21:43","slug":"geschichte-von-adendorf","status":"publish","type":"page","link":"https:\/\/www.adendorf.de\/1\/familie\/kultur\/geschichte-von-adendorf\/","title":{"rendered":"Geschichte von Adendorf"},"content":{"rendered":"\t\t<div data-elementor-type=\"wp-page\" data-elementor-id=\"3872\" class=\"elementor elementor-3872\">\n\t\t\t\t\t\t<section class=\"elementor-section elementor-top-section elementor-element elementor-element-2cf4af4 elementor-section-boxed elementor-section-height-default elementor-section-height-default\" data-id=\"2cf4af4\" data-element_type=\"section\" data-e-type=\"section\">\n\t\t\t\t\t\t<div class=\"elementor-container elementor-column-gap-default\">\n\t\t\t\t\t<div class=\"elementor-column elementor-col-100 elementor-top-column elementor-element elementor-element-6542f2a\" data-id=\"6542f2a\" data-element_type=\"column\" data-e-type=\"column\">\n\t\t\t<div class=\"elementor-widget-wrap elementor-element-populated\">\n\t\t\t\t\t\t<div class=\"elementor-element elementor-element-7daf70e elementor-widget elementor-widget-heading\" data-id=\"7daf70e\" data-element_type=\"widget\" data-e-type=\"widget\" data-widget_type=\"heading.default\">\n\t\t\t\t<div class=\"elementor-widget-container\">\n\t\t\t\t\t<h2 class=\"elementor-heading-title elementor-size-default\">Geschichte von Adendorf<\/h2>\t\t\t\t<\/div>\n\t\t\t\t<\/div>\n\t\t\t\t\t<\/div>\n\t\t<\/div>\n\t\t\t\t\t<\/div>\n\t\t<\/section>\n\t\t\t\t<section class=\"elementor-section elementor-top-section elementor-element elementor-element-eaee187 elementor-section-boxed elementor-section-height-default elementor-section-height-default\" data-id=\"eaee187\" data-element_type=\"section\" data-e-type=\"section\">\n\t\t\t\t\t\t<div class=\"elementor-container elementor-column-gap-default\">\n\t\t\t\t\t<div class=\"elementor-column elementor-col-100 elementor-top-column elementor-element elementor-element-e7b4a9d\" data-id=\"e7b4a9d\" data-element_type=\"column\" data-e-type=\"column\">\n\t\t\t<div class=\"elementor-widget-wrap elementor-element-populated\">\n\t\t\t\t\t\t<div class=\"elementor-element elementor-element-75a021c elementor-widget elementor-widget-image\" data-id=\"75a021c\" data-element_type=\"widget\" data-e-type=\"widget\" data-widget_type=\"image.default\">\n\t\t\t\t<div class=\"elementor-widget-container\">\n\t\t\t\t\t\t\t\t\t\t\t\t<figure class=\"wp-caption\">\n\t\t\t\t\t\t\t\t\t\t<img decoding=\"async\" src=\"https:\/\/www.adendorf.de\/1\/wp-content\/uploads\/elementor\/thumbs\/Johanneskapelle-scaled-p9zu5ht8b0mxqzchkbqqba169aehra3ilc5ekjokt8.jpg\" title=\"Johanneskapelle\" alt=\"Johanneskapelle\" loading=\"lazy\" \/>\t\t\t\t\t\t\t\t\t\t\t<figcaption class=\"widget-image-caption wp-caption-text\">Die Johanneskapelle<\/figcaption>\n\t\t\t\t\t\t\t\t\t\t<\/figure>\n\t\t\t\t\t\t\t\t\t<\/div>\n\t\t\t\t<\/div>\n\t\t\t\t\t<\/div>\n\t\t<\/div>\n\t\t\t\t\t<\/div>\n\t\t<\/section>\n\t\t\t\t<section class=\"elementor-section elementor-top-section elementor-element elementor-element-c4d98ee elementor-section-boxed elementor-section-height-default elementor-section-height-default\" data-id=\"c4d98ee\" data-element_type=\"section\" data-e-type=\"section\">\n\t\t\t\t\t\t<div class=\"elementor-container elementor-column-gap-default\">\n\t\t\t\t\t<div class=\"elementor-column elementor-col-100 elementor-top-column elementor-element elementor-element-b12ae93\" data-id=\"b12ae93\" data-element_type=\"column\" data-e-type=\"column\">\n\t\t\t<div class=\"elementor-widget-wrap elementor-element-populated\">\n\t\t\t\t\t\t<div class=\"elementor-element elementor-element-7d71ad1 elementor-widget elementor-widget-text-editor\" data-id=\"7d71ad1\" data-element_type=\"widget\" data-e-type=\"widget\" data-widget_type=\"text-editor.default\">\n\t\t\t\t<div class=\"elementor-widget-container\">\n\t\t\t\t\t\t\t\t\t<p>Die \u00e4lteste Urkunde mit der Nennung von \u201eAdenthorpe\u201c stammt von 1252 (Ortsteil Erbstorf: 1251). Dass das Ortsgebiet ein viel \u00e4lterer Siedlungsraum ist, bezeugen Bodenfunde aus fr\u00fchgeschichtlicher Zeit. Wann Adendorf &#8211; vielleicht als \u201eDorf des Ado\u201c &#8211; entstand, ist unbekannt. In einer sp\u00e4teren amtlichen Aufzeichnung ist vom Adendorfer \u201eZehnten\u201c, der b\u00e4uerlichen Naturalsteuer, im Jahr 1250 die Rede. Auch die reizvolle Adendorfer Johanneskapelle, nach einer kirchlichen Quelle 1258 erbaut, scheint \u00e4lter zu sein und zumindest 1252 schon existiert zu haben. Dieses \u00e4lteste Geb\u00e4ude des Ortes ist noch heute Gotteshaus und zugleich ein kultureller Mittelpunkt Adendorfs. Die Johannes dem T\u00e4ufer gewidmete Kapelle geh\u00f6rte zu den regionalen Taufkirchen in Nachbarschaft zum slawischen Siedlungsgebiet. Es hat drei gro\u00dfe Br\u00e4nde \u00fcberstanden, die \u2013 in den Jahren 1374, 1627 und 1895 &#8211; jeweils den gr\u00f6\u00dften Teil der Geb\u00e4ude im Altdorf vernichtet hatten.<\/p>\n<p>Seit 1644 gab es in Adendorf ein Rittergut, das seinen Herren einen Sitz im \u201eLandtag\u201c (damals das Parlament des gesamten Herzogtums) sicherte. Mehrere im Drei\u00dfigj\u00e4hrigen Krieg \u201ew\u00fcst\u201c gewordenen H\u00f6fe hatten seine Gr\u00fcndung beg\u00fcnstigt. 18 Bauernstellen hatte es vor dem gro\u00dfen Kriege gegeben; danach wurde die Zahl von einem Dutzend nicht mehr \u00fcberschritten. Der Gr\u00fcnder des Rittergutes, Christoph von Bardeleben, geh\u00f6rt als Ratgeber des Herzogs und \u201eLandschaftsdirektor\u201c, d. h. Vorsitzender des wichtigsten Landtags-Ausschusses im Herzogtum, zu den bedeutendsten Pers\u00f6nlichkeiten der Adendorfer Geschichte. Ohne das Rittergut h\u00e4tte er nicht als \u201eRitter\u201c Politik machen k\u00f6nnen. Diesem Gut hatten etwa zwei F\u00fcnftel der d\u00f6rflichen Gemarkung zugeh\u00f6rt. 1926 verstaatlicht und zu einem Lehrgut gemacht, endete es durch Aufteilung in den 1970er Jahren.<\/p>\t\t\t\t\t\t\t\t<\/div>\n\t\t\t\t<\/div>\n\t\t\t\t\t<\/div>\n\t\t<\/div>\n\t\t\t\t\t<\/div>\n\t\t<\/section>\n\t\t\t\t<section class=\"elementor-section elementor-top-section elementor-element elementor-element-dc1bbd0 elementor-section-boxed elementor-section-height-default elementor-section-height-default\" data-id=\"dc1bbd0\" data-element_type=\"section\" data-e-type=\"section\">\n\t\t\t\t\t\t<div class=\"elementor-container elementor-column-gap-default\">\n\t\t\t\t\t<div class=\"elementor-column elementor-col-100 elementor-top-column elementor-element elementor-element-b584bd2\" data-id=\"b584bd2\" data-element_type=\"column\" data-e-type=\"column\">\n\t\t\t<div class=\"elementor-widget-wrap elementor-element-populated\">\n\t\t\t\t\t\t<div class=\"elementor-element elementor-element-5e8b4fc elementor-widget elementor-widget-image\" data-id=\"5e8b4fc\" data-element_type=\"widget\" data-e-type=\"widget\" data-widget_type=\"image.default\">\n\t\t\t\t<div class=\"elementor-widget-container\">\n\t\t\t\t\t\t\t\t\t\t\t\t<figure class=\"wp-caption\">\n\t\t\t\t\t\t\t\t\t\t<img fetchpriority=\"high\" decoding=\"async\" width=\"464\" height=\"325\" src=\"https:\/\/www.adendorf.de\/1\/wp-content\/uploads\/2021\/07\/Herrenhaus-Rittergut.jpg\" class=\"attachment-large size-large wp-image-3884\" alt=\"\" srcset=\"https:\/\/www.adendorf.de\/1\/wp-content\/uploads\/2021\/07\/Herrenhaus-Rittergut.jpg 464w, https:\/\/www.adendorf.de\/1\/wp-content\/uploads\/2021\/07\/Herrenhaus-Rittergut-300x210.jpg 300w\" sizes=\"(max-width: 464px) 100vw, 464px\" \/>\t\t\t\t\t\t\t\t\t\t\t<figcaption class=\"widget-image-caption wp-caption-text\">Das Herrenhaus der Rittergutes<\/figcaption>\n\t\t\t\t\t\t\t\t\t\t<\/figure>\n\t\t\t\t\t\t\t\t\t<\/div>\n\t\t\t\t<\/div>\n\t\t\t\t\t<\/div>\n\t\t<\/div>\n\t\t\t\t\t<\/div>\n\t\t<\/section>\n\t\t\t\t<section class=\"elementor-section elementor-top-section elementor-element elementor-element-2e3db13 elementor-section-boxed elementor-section-height-default elementor-section-height-default\" data-id=\"2e3db13\" data-element_type=\"section\" data-e-type=\"section\">\n\t\t\t\t\t\t<div class=\"elementor-container elementor-column-gap-default\">\n\t\t\t\t\t<div class=\"elementor-column elementor-col-100 elementor-top-column elementor-element elementor-element-223bb7c\" data-id=\"223bb7c\" data-element_type=\"column\" data-e-type=\"column\">\n\t\t\t<div class=\"elementor-widget-wrap elementor-element-populated\">\n\t\t\t\t\t\t<div class=\"elementor-element elementor-element-8e195d3 elementor-widget elementor-widget-text-editor\" data-id=\"8e195d3\" data-element_type=\"widget\" data-e-type=\"widget\" data-widget_type=\"text-editor.default\">\n\t\t\t\t<div class=\"elementor-widget-container\">\n\t\t\t\t\t\t\t\t\t<p>Auch im Ortsteil Erbstorf hatte es ein Gut gegeben, 1645 von dem eben nobilitierten Obristen Anton Meyer durch Zusammenlegung von vier w\u00fcst gewordenen H\u00f6fen gegr\u00fcndet. Das ehemalige Herrenhaus und das zugeh\u00f6rige \u201eEfeuhaus\u201c erinnern daran. Letzteres hatte die Zerst\u00f6rung des Dorfes im Drei\u00dfigj\u00e4hrigen Krieg (1627) \u00fcberlebt und ist heute das \u00e4lteste Erbstorfer Geb\u00e4ude.<\/p>\t\t\t\t\t\t\t\t<\/div>\n\t\t\t\t<\/div>\n\t\t\t\t\t<\/div>\n\t\t<\/div>\n\t\t\t\t\t<\/div>\n\t\t<\/section>\n\t\t\t\t<section class=\"elementor-section elementor-top-section elementor-element elementor-element-c52776a elementor-section-boxed elementor-section-height-default elementor-section-height-default\" data-id=\"c52776a\" data-element_type=\"section\" data-e-type=\"section\">\n\t\t\t\t\t\t<div class=\"elementor-container elementor-column-gap-default\">\n\t\t\t\t\t<div class=\"elementor-column elementor-col-100 elementor-top-column elementor-element elementor-element-efbaf7d\" data-id=\"efbaf7d\" data-element_type=\"column\" data-e-type=\"column\">\n\t\t\t<div class=\"elementor-widget-wrap elementor-element-populated\">\n\t\t\t\t\t\t<div class=\"elementor-element elementor-element-0f34c60 elementor-widget elementor-widget-image\" data-id=\"0f34c60\" data-element_type=\"widget\" data-e-type=\"widget\" data-widget_type=\"image.default\">\n\t\t\t\t<div class=\"elementor-widget-container\">\n\t\t\t\t\t\t\t\t\t\t\t\t<figure class=\"wp-caption\">\n\t\t\t\t\t\t\t\t\t\t<img decoding=\"async\" width=\"464\" height=\"325\" src=\"https:\/\/www.adendorf.de\/1\/wp-content\/uploads\/2021\/07\/Efeuhaus.jpg\" class=\"attachment-large size-large wp-image-3885\" alt=\"\" srcset=\"https:\/\/www.adendorf.de\/1\/wp-content\/uploads\/2021\/07\/Efeuhaus.jpg 464w, https:\/\/www.adendorf.de\/1\/wp-content\/uploads\/2021\/07\/Efeuhaus-300x210.jpg 300w\" sizes=\"(max-width: 464px) 100vw, 464px\" \/>\t\t\t\t\t\t\t\t\t\t\t<figcaption class=\"widget-image-caption wp-caption-text\">Das Erbstorfer \"Efeuhaus\"<\/figcaption>\n\t\t\t\t\t\t\t\t\t\t<\/figure>\n\t\t\t\t\t\t\t\t\t<\/div>\n\t\t\t\t<\/div>\n\t\t\t\t\t<\/div>\n\t\t<\/div>\n\t\t\t\t\t<\/div>\n\t\t<\/section>\n\t\t\t\t<section class=\"elementor-section elementor-top-section elementor-element elementor-element-88b0955 elementor-section-boxed elementor-section-height-default elementor-section-height-default\" data-id=\"88b0955\" data-element_type=\"section\" data-e-type=\"section\">\n\t\t\t\t\t\t<div class=\"elementor-container elementor-column-gap-default\">\n\t\t\t\t\t<div class=\"elementor-column elementor-col-100 elementor-top-column elementor-element elementor-element-51eff40\" data-id=\"51eff40\" data-element_type=\"column\" data-e-type=\"column\">\n\t\t\t<div class=\"elementor-widget-wrap elementor-element-populated\">\n\t\t\t\t\t\t<div class=\"elementor-element elementor-element-7b66603 elementor-widget elementor-widget-text-editor\" data-id=\"7b66603\" data-element_type=\"widget\" data-e-type=\"widget\" data-widget_type=\"text-editor.default\">\n\t\t\t\t<div class=\"elementor-widget-container\">\n\t\t\t\t\t\t\t\t\t<p>Nicht erhalten ist der alte Schafstall, in dem 1655 die erste gemeinsame Dorfschule f\u00fcr die Kinder aus Adendorf, L\u00fcne und Erbstorf eingerichtet wurde. Erbstorf scheint sogar schon fr\u00fcher einen eigenen Schulmeister gehabt zu haben. Der Gedanke, Jungen und M\u00e4dchen auch auf dem Lande im Lesen, Schreiben und Rechnen zu unterweisen, war von der Reformation ausgegangen. Unter Adendorfs Grundherren, denen die Bauern abgabepflichtig waren, wurde im Sp\u00e4tmittelalter das Kloster L\u00fcne (nach der Reformation das \u201eAmt L\u00fcne\u201c) am wichtigsten. Auf den \u00c4ckern der rund 1100 ha gro\u00dfen Gemarkung wurde vor allem Roggen angebaut, daneben Hafer und Gerste. Auch zwei Weinberge hat es gegeben. Zweierlei Bodensch\u00e4tze trugen zum Wohlstand des Ortes bei: Torf und Ton. Am Torfabbau im Adendorfer Moor waren alle Bauern beteiligt. Die Tonvorkommen f\u00fchrten zur Gr\u00fcndung von Ziegeleien im 19. Jahrhundert. Deren hat es in Adendorf insgesamt sechs, in Erbstorf weitere drei gegeben; inzwischen sind alle abgerissen, und aus der gr\u00f6\u00dften Tonkuhle ist ein h\u00fcbsches Erholungsgebiet, die \u201eTeichaue\u201c, geworden. Durch den Ziegelverkauf und die Schaffung vieler Arbeitspl\u00e4tze waren diese Betriebe &#8211; vor allem die Ziegelei \u201eElba\u201c (bis 1967), die \u201eAdendorfer Ziegelwerke\u201c am Scharnebecker Weg (bis 1969) und die Erbstorfer \u201eAristo-GmbH\u201c (bis 1962) &#8211; ein wichtiger Wirtschaftsfaktor.<\/p>\t\t\t\t\t\t\t\t<\/div>\n\t\t\t\t<\/div>\n\t\t\t\t\t<\/div>\n\t\t<\/div>\n\t\t\t\t\t<\/div>\n\t\t<\/section>\n\t\t\t\t<section class=\"elementor-section elementor-top-section elementor-element elementor-element-f4f478d elementor-section-boxed elementor-section-height-default elementor-section-height-default\" data-id=\"f4f478d\" data-element_type=\"section\" data-e-type=\"section\">\n\t\t\t\t\t\t<div class=\"elementor-container elementor-column-gap-default\">\n\t\t\t\t\t<div class=\"elementor-column elementor-col-100 elementor-top-column elementor-element elementor-element-975561d\" data-id=\"975561d\" data-element_type=\"column\" data-e-type=\"column\">\n\t\t\t<div class=\"elementor-widget-wrap elementor-element-populated\">\n\t\t\t\t\t\t<div class=\"elementor-element elementor-element-065b42a elementor-widget elementor-widget-image\" data-id=\"065b42a\" data-element_type=\"widget\" data-e-type=\"widget\" data-widget_type=\"image.default\">\n\t\t\t\t<div class=\"elementor-widget-container\">\n\t\t\t\t\t\t\t\t\t\t\t\t<figure class=\"wp-caption\">\n\t\t\t\t\t\t\t\t\t\t<img decoding=\"async\" width=\"464\" height=\"325\" src=\"https:\/\/www.adendorf.de\/1\/wp-content\/uploads\/2021\/07\/Ziegelei.jpg\" class=\"attachment-large size-large wp-image-3886\" alt=\"\" srcset=\"https:\/\/www.adendorf.de\/1\/wp-content\/uploads\/2021\/07\/Ziegelei.jpg 464w, https:\/\/www.adendorf.de\/1\/wp-content\/uploads\/2021\/07\/Ziegelei-300x210.jpg 300w\" sizes=\"(max-width: 464px) 100vw, 464px\" \/>\t\t\t\t\t\t\t\t\t\t\t<figcaption class=\"widget-image-caption wp-caption-text\">Die Belegschaft der Ziegelei \"Elba\" 1912<\/figcaption>\n\t\t\t\t\t\t\t\t\t\t<\/figure>\n\t\t\t\t\t\t\t\t\t<\/div>\n\t\t\t\t<\/div>\n\t\t\t\t\t<\/div>\n\t\t<\/div>\n\t\t\t\t\t<\/div>\n\t\t<\/section>\n\t\t\t\t<section class=\"elementor-section elementor-top-section elementor-element elementor-element-2df3285 elementor-section-boxed elementor-section-height-default elementor-section-height-default\" data-id=\"2df3285\" data-element_type=\"section\" data-e-type=\"section\">\n\t\t\t\t\t\t<div class=\"elementor-container elementor-column-gap-default\">\n\t\t\t\t\t<div class=\"elementor-column elementor-col-100 elementor-top-column elementor-element elementor-element-3934730\" data-id=\"3934730\" data-element_type=\"column\" data-e-type=\"column\">\n\t\t\t<div class=\"elementor-widget-wrap elementor-element-populated\">\n\t\t\t\t\t\t<div class=\"elementor-element elementor-element-5bea283 elementor-widget elementor-widget-text-editor\" data-id=\"5bea283\" data-element_type=\"widget\" data-e-type=\"widget\" data-widget_type=\"text-editor.default\">\n\t\t\t\t<div class=\"elementor-widget-container\">\n\t\t\t\t\t\t\t\t\t<p>Zu den Kuriosit\u00e4ten der Adendorfer Geschichte geh\u00f6rt die Existenz eines Heilbades (\u201eGesundbrunnen\u201c). Am Rande der Gemarkung, am Geesthang \u00fcber der Ilmenau-niederung gelegen, wurde der dem Heiligen Gangolf gewidmete \u201eGungelsbrunnen\u201c seit dem sp\u00e4ten 15. Jahrhundert weithin bekannt, weil dem Quellwasser erstaunliche Heilkr\u00e4fte zugesprochen wurden. Um 1646 ist von f\u00fcnf Quellen die Rede. Von dem regen damaligen Badebetrieb gibt der Kupferstich von Wilhelm Schwan (1647) einen Eindruck. Sp\u00e4ter sind die Quellen versiegt.<\/p>\t\t\t\t\t\t\t\t<\/div>\n\t\t\t\t<\/div>\n\t\t\t\t\t<\/div>\n\t\t<\/div>\n\t\t\t\t\t<\/div>\n\t\t<\/section>\n\t\t\t\t<section class=\"elementor-section elementor-top-section elementor-element elementor-element-a9cf540 elementor-section-boxed elementor-section-height-default elementor-section-height-default\" data-id=\"a9cf540\" data-element_type=\"section\" data-e-type=\"section\">\n\t\t\t\t\t\t<div class=\"elementor-container elementor-column-gap-default\">\n\t\t\t\t\t<div class=\"elementor-column elementor-col-100 elementor-top-column elementor-element elementor-element-20502c3\" data-id=\"20502c3\" data-element_type=\"column\" data-e-type=\"column\">\n\t\t\t<div class=\"elementor-widget-wrap elementor-element-populated\">\n\t\t\t\t\t\t<div class=\"elementor-element elementor-element-72d9585 elementor-widget elementor-widget-image\" data-id=\"72d9585\" data-element_type=\"widget\" data-e-type=\"widget\" data-widget_type=\"image.default\">\n\t\t\t\t<div class=\"elementor-widget-container\">\n\t\t\t\t\t\t\t\t\t\t\t\t\t\t\t<img loading=\"lazy\" decoding=\"async\" width=\"464\" height=\"273\" src=\"https:\/\/www.adendorf.de\/1\/wp-content\/uploads\/2021\/07\/1.jpg\" class=\"attachment-large size-large wp-image-3887\" alt=\"\" srcset=\"https:\/\/www.adendorf.de\/1\/wp-content\/uploads\/2021\/07\/1.jpg 464w, https:\/\/www.adendorf.de\/1\/wp-content\/uploads\/2021\/07\/1-300x177.jpg 300w\" sizes=\"(max-width: 464px) 100vw, 464px\" \/>\t\t\t\t\t\t\t\t\t\t\t\t\t\t\t<\/div>\n\t\t\t\t<\/div>\n\t\t\t\t\t<\/div>\n\t\t<\/div>\n\t\t\t\t\t<\/div>\n\t\t<\/section>\n\t\t\t\t<section class=\"elementor-section elementor-top-section elementor-element elementor-element-d7c4d90 elementor-section-boxed elementor-section-height-default elementor-section-height-default\" data-id=\"d7c4d90\" data-element_type=\"section\" data-e-type=\"section\">\n\t\t\t\t\t\t<div class=\"elementor-container elementor-column-gap-default\">\n\t\t\t\t\t<div class=\"elementor-column elementor-col-100 elementor-top-column elementor-element elementor-element-5616841\" data-id=\"5616841\" data-element_type=\"column\" data-e-type=\"column\">\n\t\t\t<div class=\"elementor-widget-wrap elementor-element-populated\">\n\t\t\t\t\t\t<div class=\"elementor-element elementor-element-08c0ec1 elementor-widget elementor-widget-text-editor\" data-id=\"08c0ec1\" data-element_type=\"widget\" data-e-type=\"widget\" data-widget_type=\"text-editor.default\">\n\t\t\t\t<div class=\"elementor-widget-container\">\n\t\t\t\t\t\t\t\t\t<p>W\u00e4hrend seitdem auch in der \u00fcbrigen Adendorfer Flur Quellen und Teiche allm\u00e4hlich geschwunden sind, wurde auf ganz andere Art das Wasser bedeutsam: durch den 1976 er\u00f6ffneten Elbe-Seitenkanal. Bereits einen Monat nach der Einweihung brachte er durch einen folgenschweren Dammbruch Erbstorf auf ungute Weise in die Schlagzeilen der Presse. Sieben Millionen Kubikmeter Wasser ergossen sich \u00fcber die nahen Fluren in Richtung L\u00fcne und zerst\u00f6rten Geb\u00e4ude, Stra\u00dfen, Bahnlinien, Sportanlagen und Felder. Im 20. Jahrhundert, das mit insgesamt nur 345 Adendorfer Einwohnern begann, hat das Dorf eine Bev\u00f6lkerungsexplosion erlebt. Das lag zum Teil an den kriegsbedingten Zuwanderungen und an der Zusammenf\u00fchrung von Adendorf und Erbstorf zu einer Einheitsgemeinde 1974. Aber auch eine rege Baut\u00e4tigkeit, gef\u00f6rdert durch ein immer neues Angebot von Baupl\u00e4tzen durch die Gemeinde, f\u00fchrte zum rasanten Anstieg der Bev\u00f6lkerungszahl im 20. Jahrhundert. In einem einzigen Jahrhundert um das Sechs-undzwanzigfache gewachsen, \u00fcberschritt sie 2007 die Zehntausend.<br \/><br \/>Mit dem Bauerndorf ist es allerdings &#8211; im Adendorfer Altdorf bis auf einen letzten Hof &#8211; vorbei. Die Bev\u00f6lkerungsstruktur hat sich durch die nichtb\u00e4uerlichen Berufe vollkommen gewandelt. Unter den vielen Zuwanderern finden sich \u00fcbrigens Mitb\u00fcrger aus \u00fcber f\u00fcnfzig Nationalit\u00e4ten. Nach der evangelischen Gemeinde mit der Emmauskirche hatte die katholische Christ-K\u00f6nig-Gemeinde 1963 ihr eigenes Gotteshaus weihen k\u00f6nnen; 1976 entstand eine neuapostolische Kirche, und die Adventgemeinde bezog 2006 ein eigenes Gemeindezentrum. Gewerbegebiete wurden erschlossen, Kinderg\u00e4rten und Spielpl\u00e4tze erbaut.<\/p>\t\t\t\t\t\t\t\t<\/div>\n\t\t\t\t<\/div>\n\t\t\t\t\t<\/div>\n\t\t<\/div>\n\t\t\t\t\t<\/div>\n\t\t<\/section>\n\t\t\t\t<section class=\"elementor-section elementor-top-section elementor-element elementor-element-415bc07 elementor-section-boxed elementor-section-height-default elementor-section-height-default\" data-id=\"415bc07\" data-element_type=\"section\" data-e-type=\"section\">\n\t\t\t\t\t\t<div class=\"elementor-container elementor-column-gap-default\">\n\t\t\t\t\t<div class=\"elementor-column elementor-col-100 elementor-top-column elementor-element elementor-element-891c91a\" data-id=\"891c91a\" data-element_type=\"column\" data-e-type=\"column\">\n\t\t\t<div class=\"elementor-widget-wrap elementor-element-populated\">\n\t\t\t\t\t\t<div class=\"elementor-element elementor-element-062abd7 elementor-widget elementor-widget-image\" data-id=\"062abd7\" data-element_type=\"widget\" data-e-type=\"widget\" data-widget_type=\"image.default\">\n\t\t\t\t<div class=\"elementor-widget-container\">\n\t\t\t\t\t\t\t\t\t\t\t\t<figure class=\"wp-caption\">\n\t\t\t\t\t\t\t\t\t\t<img decoding=\"async\" src=\"https:\/\/www.adendorf.de\/1\/wp-content\/uploads\/elementor\/thumbs\/Walter_Maack_Eisstadion1-scaled-p9zu735dvwtff7179iiz1dkahsjvstf557y0ufbk9o.jpg\" title=\"Walter_Maack_Eisstadion1\" alt=\"Walter_Maack_Eisstadion1\" loading=\"lazy\" \/>\t\t\t\t\t\t\t\t\t\t\t<figcaption class=\"widget-image-caption wp-caption-text\">Walter-Maack-Eisstadion<\/figcaption>\n\t\t\t\t\t\t\t\t\t\t<\/figure>\n\t\t\t\t\t\t\t\t\t<\/div>\n\t\t\t\t<\/div>\n\t\t\t\t\t<\/div>\n\t\t<\/div>\n\t\t\t\t\t<\/div>\n\t\t<\/section>\n\t\t\t\t<section class=\"elementor-section elementor-top-section elementor-element elementor-element-b9f57f9 elementor-section-boxed elementor-section-height-default elementor-section-height-default\" data-id=\"b9f57f9\" data-element_type=\"section\" data-e-type=\"section\">\n\t\t\t\t\t\t<div class=\"elementor-container elementor-column-gap-default\">\n\t\t\t\t\t<div class=\"elementor-column elementor-col-100 elementor-top-column elementor-element elementor-element-bf5581a\" data-id=\"bf5581a\" data-element_type=\"column\" data-e-type=\"column\">\n\t\t\t<div class=\"elementor-widget-wrap elementor-element-populated\">\n\t\t\t\t\t\t<div class=\"elementor-element elementor-element-bb1b6a4 elementor-widget elementor-widget-text-editor\" data-id=\"bb1b6a4\" data-element_type=\"widget\" data-e-type=\"widget\" data-widget_type=\"text-editor.default\">\n\t\t\t\t<div class=\"elementor-widget-container\">\n\t\t\t\t\t\t\t\t\t<p>Neue Schulbauten und gro\u00dfz\u00fcgige Sportanlagen mit Tennis- und Golfpl\u00e4tzen, Sporthallen und beheiztem Freibad entstanden seit den 1960er Jahren. Seit die 1976 geschaffene Kunsteisbahn acht Jahre sp\u00e4ter \u00fcberdacht wurde, verf\u00fcgt Adendorf \u00fcber ein Eisstadion, mit dem sich in Norddeutschland nur noch Hannover und Hamburg-Stellingen messen k\u00f6nnen. Zu diesen Freizeitangeboten geh\u00f6rt die Bibliothek am Rathausplatz mit ihren zus\u00e4tzlichen kulturellen Angeboten.<\/p>\t\t\t\t\t\t\t\t<\/div>\n\t\t\t\t<\/div>\n\t\t\t\t\t<\/div>\n\t\t<\/div>\n\t\t\t\t\t<\/div>\n\t\t<\/section>\n\t\t\t\t<section class=\"elementor-section elementor-top-section elementor-element elementor-element-25fd4ea elementor-section-boxed elementor-section-height-default elementor-section-height-default\" data-id=\"25fd4ea\" data-element_type=\"section\" data-e-type=\"section\">\n\t\t\t\t\t\t<div class=\"elementor-container elementor-column-gap-default\">\n\t\t\t\t\t<div class=\"elementor-column elementor-col-100 elementor-top-column elementor-element elementor-element-3212382\" data-id=\"3212382\" data-element_type=\"column\" data-e-type=\"column\">\n\t\t\t<div class=\"elementor-widget-wrap elementor-element-populated\">\n\t\t\t\t\t\t<div class=\"elementor-element elementor-element-5eb7c4c elementor-widget elementor-widget-image\" data-id=\"5eb7c4c\" data-element_type=\"widget\" data-e-type=\"widget\" data-widget_type=\"image.default\">\n\t\t\t\t<div class=\"elementor-widget-container\">\n\t\t\t\t\t\t\t\t\t\t\t\t<figure class=\"wp-caption\">\n\t\t\t\t\t\t\t\t\t\t<img decoding=\"async\" src=\"https:\/\/www.adendorf.de\/1\/wp-content\/uploads\/elementor\/thumbs\/Bibliothek-pa046hpt2etcnmz7ldakx6k7en3byh8cw3wns8fgkg.jpg\" title=\"Bibliothek\" alt=\"Bibliothek\" loading=\"lazy\" \/>\t\t\t\t\t\t\t\t\t\t\t<figcaption class=\"widget-image-caption wp-caption-text\">Die Bibliothek am Rathausplatz<\/figcaption>\n\t\t\t\t\t\t\t\t\t\t<\/figure>\n\t\t\t\t\t\t\t\t\t<\/div>\n\t\t\t\t<\/div>\n\t\t\t\t\t<\/div>\n\t\t<\/div>\n\t\t\t\t\t<\/div>\n\t\t<\/section>\n\t\t\t\t<section class=\"elementor-section elementor-top-section elementor-element elementor-element-b39bf38 elementor-section-boxed elementor-section-height-default elementor-section-height-default\" data-id=\"b39bf38\" data-element_type=\"section\" data-e-type=\"section\">\n\t\t\t\t\t\t<div class=\"elementor-container elementor-column-gap-default\">\n\t\t\t\t\t<div class=\"elementor-column elementor-col-100 elementor-top-column elementor-element elementor-element-5645216\" data-id=\"5645216\" data-element_type=\"column\" data-e-type=\"column\">\n\t\t\t<div class=\"elementor-widget-wrap elementor-element-populated\">\n\t\t\t\t\t\t<div class=\"elementor-element elementor-element-6fa7f82 elementor-widget elementor-widget-text-editor\" data-id=\"6fa7f82\" data-element_type=\"widget\" data-e-type=\"widget\" data-widget_type=\"text-editor.default\">\n\t\t\t\t<div class=\"elementor-widget-container\">\n\t\t\t\t\t\t\t\t\t<p>Aber auch die g\u00fcnstige Verkehrsanbindung aller Ortsteile, die gute \u00e4rztliche Versorgung, das reichhaltige Angebot an Einkaufsm\u00f6glichkeiten und Dienst-leistungsbetrieben sowie ein vielf\u00e4ltiges Vereinsleben haben die Einheitsgemeinde Adendorf zu einem Ort mit hohem Wohn- und Freizeitwert gemacht.<\/p>\t\t\t\t\t\t\t\t<\/div>\n\t\t\t\t<\/div>\n\t\t\t\t\t<\/div>\n\t\t<\/div>\n\t\t\t\t\t<\/div>\n\t\t<\/section>\n\t\t\t\t<\/div>\n\t\t","protected":false},"excerpt":{"rendered":"<p>Geschichte von Adendorf Die Johanneskapelle Die \u00e4lteste Urkunde mit der Nennung von \u201eAdenthorpe\u201c stammt von 1252 (Ortsteil Erbstorf: 1251). Dass das Ortsgebiet ein viel \u00e4lterer Siedlungsraum ist, bezeugen Bodenfunde aus fr\u00fchgeschichtlicher Zeit. Wann Adendorf &#8211; vielleicht als \u201eDorf des Ado\u201c &#8211; entstand, ist unbekannt. In einer sp\u00e4teren amtlichen Aufzeichnung ist [&hellip;]<\/p>\n","protected":false},"author":1,"featured_media":0,"parent":917,"menu_order":0,"comment_status":"closed","ping_status":"closed","template":"page-templates\/template-pagebuilder-full-width.php","meta":{"footnotes":""},"class_list":["post-3872","page","type-page","status-publish","hentry"],"publishpress_future_workflow_manual_trigger":{"enabledWorkflows":[]},"rttpg_featured_image_url":null,"rttpg_author":{"display_name":"Adendorf","author_link":"https:\/\/www.adendorf.de\/1\/author\/marco-brede\/"},"rttpg_comment":0,"rttpg_category":null,"rttpg_excerpt":"Geschichte von Adendorf Die Johanneskapelle Die \u00e4lteste Urkunde mit der Nennung von \u201eAdenthorpe\u201c stammt von 1252 (Ortsteil Erbstorf: 1251). Dass das Ortsgebiet ein viel \u00e4lterer Siedlungsraum ist, bezeugen Bodenfunde aus fr\u00fchgeschichtlicher Zeit. Wann Adendorf &#8211; vielleicht als \u201eDorf des Ado\u201c &#8211; entstand, ist unbekannt. In einer sp\u00e4teren amtlichen Aufzeichnung ist [&hellip;]","_links":{"self":[{"href":"https:\/\/www.adendorf.de\/1\/wp-json\/wp\/v2\/pages\/3872","targetHints":{"allow":["GET"]}}],"collection":[{"href":"https:\/\/www.adendorf.de\/1\/wp-json\/wp\/v2\/pages"}],"about":[{"href":"https:\/\/www.adendorf.de\/1\/wp-json\/wp\/v2\/types\/page"}],"author":[{"embeddable":true,"href":"https:\/\/www.adendorf.de\/1\/wp-json\/wp\/v2\/users\/1"}],"replies":[{"embeddable":true,"href":"https:\/\/www.adendorf.de\/1\/wp-json\/wp\/v2\/comments?post=3872"}],"version-history":[{"count":29,"href":"https:\/\/www.adendorf.de\/1\/wp-json\/wp\/v2\/pages\/3872\/revisions"}],"predecessor-version":[{"id":3962,"href":"https:\/\/www.adendorf.de\/1\/wp-json\/wp\/v2\/pages\/3872\/revisions\/3962"}],"up":[{"embeddable":true,"href":"https:\/\/www.adendorf.de\/1\/wp-json\/wp\/v2\/pages\/917"}],"wp:attachment":[{"href":"https:\/\/www.adendorf.de\/1\/wp-json\/wp\/v2\/media?parent=3872"}],"curies":[{"name":"wp","href":"https:\/\/api.w.org\/{rel}","templated":true}]}}